{"id":1469,"date":"2022-11-25T09:45:51","date_gmt":"2022-11-25T08:45:51","guid":{"rendered":"https:\/\/educom.ch\/unser-team\/"},"modified":"2025-10-21T09:27:25","modified_gmt":"2025-10-21T07:27:25","slug":"unser-team","status":"publish","type":"page","link":"https:\/\/educom.ch\/de\/unser-team\/","title":{"rendered":"Unser Team"},"content":{"rendered":"\n\n\t\t<h1>\n\t\t\t\u00dcber uns\n\t\t\t\t\t\t\t\t\t\t\tTitre secondaire\n\t\t<\/h1>\n\t<p>EDUCOM ist heute ein 100-prozentiges Familienunternehmen! Drei M\u00fctter, geleitet von inneren Werten und ihrer gemeinsamen Leidenschaft f\u00fcr Bildung und Erziehung, schenken Ihnen ihre pers\u00f6nliche Unterst\u00fctzung und ihr Geh\u00f6r, um einen erfolgreichen Bildungsweg Ihres Kindes zu gew\u00e4hrleisten.<\/p>\n\t\t\t\t<img loading=\"lazy\" decoding=\"async\" src=\"https:\/\/educom.ch\/wp-content\/uploads\/2022\/11\/Carol-Panchaud.jpg\" alt=\"Carol Panchaud\" itemprop=\"image\" height=\"800\" width=\"800\" title=\"Carol Panchaud\" onerror=\"this.style.display='none'\"  \/>\n<h2>\n\t\tCarol Panchaud\n\t<\/h2>\n\t<p>Gr\u00fcnderin von EDUCOM, ihr Spezialgebiet sind Internate, Sprachaufenthalte und Feriencamps.<\/p>\n<p>Abschluss in Politikwissenschaften, Mutter von vier Kindern; war viele Jahre Mitglied im Vorstand der Internationalen Schule Genf und gr\u00fcndete einen eigenen Kindergarten.<\/p>\n<p>Carol Panchaud hat \u00fcber drei\u00dfig Jahre Erfahrung im Bildungsbereich und genie\u00dft international gro\u00dfes Renommee.<\/p>\n\t\t\t\t<img loading=\"lazy\" decoding=\"async\" src=\"https:\/\/educom.ch\/wp-content\/uploads\/2022\/11\/Aurelie-Panchaud.jpg\" alt=\"Aur\u00e9lie Panchaud\" itemprop=\"image\" height=\"800\" width=\"800\" title=\"Aur\u00e9lie Panchaud\" onerror=\"this.style.display='none'\"  \/>\n<h2>\n\t\tAur\u00e9lie Panchaud\n\t<\/h2>\n\t<p>Als Psychologin und professioneller Coach hat sie sich auf die Studienorientierung und das Universit\u00e4tscoaching spezialisiert.<\/p>\n<p>Vor ihrer T\u00e4tigkeit bei EDUCOM sammelte Aur\u00e9lie \u00fcber zehn Jahre Berufserfahrung im Personalwesen, in Aus- und Weiterbildung und Personalentwicklung bei verschiedenen Unternehmen (darunter Rolex und Patek Philippe).<\/p>\n<p>Mithilfe ihres Universit\u00e4tscoachings gelang Sch\u00fcler:innen die Zulassung an Universit\u00e4ten wie Oxford, London School of Economics, Warwick, Bath, UCL, Exeter, City University oder auch Bocconi in Mailand, IE und ESADE in Spanien, McGill in Canada oder an der \u00c9cole Hoteli\u00e8re de Lausanne in der Schweiz.<\/p>\n\t\t\t\t<img loading=\"lazy\" decoding=\"async\" src=\"https:\/\/educom.ch\/wp-content\/uploads\/2022\/11\/Victoria-Panchaud.jpg\" alt=\"Victoria Panchaud\" itemprop=\"image\" height=\"800\" width=\"800\" title=\"Victoria Panchaud\" onerror=\"this.style.display='none'\"  \/>\n<h2>\n\t\tVictoria Panchaud\n\t<\/h2>\n\t<p>Sie ist auf Marketing und Kommunikation spezialisiert und kam nach 10 Jahren Erfahrung in der Luxusbranche zu EDUCOM. \u00dcber ihre Marketingt\u00e4tigkeit bei EDUCOM hinaus spezialisierte sie sich zun\u00e4chst auf Sprachaufenthalte und Sommercamps.<\/p>\n<p>Mit mehr als 6 Jahren Erfahrung in der Bildungsberatung und unterst\u00fctzt durch Carols beispiellose Erfahrung \u00fcbernahm sie 2025 die Leitung der Abteilung f\u00fcr Internatsberatung und internationale Partnerschaftsentwicklung.<\/p>\n\n","protected":false},"excerpt":{"rendered":"<p>\u00dcber uns Titre secondaire EDUCOM ist heute ein 100-prozentiges Familienunternehmen! Drei M\u00fctter, geleitet von inneren Werten und ihrer gemeinsamen Leidenschaft f\u00fcr Bildung und Erziehung, schenken Ihnen ihre pers\u00f6nliche Unterst\u00fctzung und ihr Geh\u00f6r, um einen erfolgreichen Bildungsweg Ihres Kindes zu gew\u00e4hrleisten. Carol Panchaud Gr\u00fcnderin von EDUCOM, ihr Spezialgebiet sind Internate, Sprachaufenthalte und Feriencamps. Abschluss in Politikwissenschaften,&hellip;<\/p>\n","protected":false},"author":1,"featured_media":0,"parent":0,"menu_order":0,"comment_status":"closed","ping_status":"closed","template":"","meta":{"_acf_changed":false,"footnotes":""},"class_list":["post-1469","page","type-page","status-publish","hentry"],"acf":[],"yoast_head":"<!-- This site is optimized with the Yoast SEO plugin v27.4 - https:\/\/yoast.com\/product\/yoast-seo-wordpress\/ -->\n<title>Unser Team - EDUCOM<\/title>\n<meta name=\"robots\" content=\"index, follow, max-snippet:-1, max-image-preview:large, max-video-preview:-1\" \/>\n<link rel=\"canonical\" href=\"https:\/\/educom.ch\/de\/unser-team\/\" \/>\n<meta property=\"og:locale\" content=\"de_DE\" \/>\n<meta property=\"og:type\" content=\"article\" \/>\n<meta property=\"og:title\" content=\"Unser Team - EDUCOM\" \/>\n<meta property=\"og:description\" content=\"\u00dcber uns Titre secondaire EDUCOM ist heute ein 100-prozentiges Familienunternehmen! Drei M\u00fctter, geleitet von inneren Werten und ihrer gemeinsamen Leidenschaft f\u00fcr Bildung und Erziehung, schenken Ihnen ihre pers\u00f6nliche Unterst\u00fctzung und ihr Geh\u00f6r, um einen erfolgreichen Bildungsweg Ihres Kindes zu gew\u00e4hrleisten. Carol Panchaud Gr\u00fcnderin von EDUCOM, ihr Spezialgebiet sind Internate, Sprachaufenthalte und Feriencamps. Abschluss in Politikwissenschaften,&hellip;\" \/>\n<meta property=\"og:url\" content=\"https:\/\/educom.ch\/de\/unser-team\/\" \/>\n<meta property=\"og:site_name\" content=\"EDUCOM\" \/>\n<meta property=\"article:publisher\" content=\"https:\/\/www.facebook.com\/educom.ch\/\" \/>\n<meta property=\"article:modified_time\" content=\"2025-10-21T07:27:25+00:00\" \/>\n<meta property=\"og:image\" content=\"https:\/\/educom.ch\/wp-content\/uploads\/2022\/11\/Carol-Panchaud.jpg\" \/>\n<meta name=\"twitter:card\" content=\"summary_large_image\" \/>\n<meta name=\"twitter:label1\" content=\"Gesch\u00e4tzte Lesezeit\" \/>\n\t<meta name=\"twitter:data1\" content=\"1\u00a0Minute\" \/>\n<script type=\"application\/ld+json\" class=\"yoast-schema-graph\">{\"@context\":\"https:\\\/\\\/schema.org\",\"@graph\":[{\"@type\":\"WebPage\",\"@id\":\"https:\\\/\\\/educom.ch\\\/de\\\/unser-team\\\/\",\"url\":\"https:\\\/\\\/educom.ch\\\/de\\\/unser-team\\\/\",\"name\":\"Unser Team - EDUCOM\",\"isPartOf\":{\"@id\":\"https:\\\/\\\/educom.ch\\\/it\\\/#website\"},\"primaryImageOfPage\":{\"@id\":\"https:\\\/\\\/educom.ch\\\/de\\\/unser-team\\\/#primaryimage\"},\"image\":{\"@id\":\"https:\\\/\\\/educom.ch\\\/de\\\/unser-team\\\/#primaryimage\"},\"thumbnailUrl\":\"https:\\\/\\\/educom.ch\\\/wp-content\\\/uploads\\\/2022\\\/11\\\/Carol-Panchaud.jpg\",\"datePublished\":\"2022-11-25T08:45:51+00:00\",\"dateModified\":\"2025-10-21T07:27:25+00:00\",\"breadcrumb\":{\"@id\":\"https:\\\/\\\/educom.ch\\\/de\\\/unser-team\\\/#breadcrumb\"},\"inLanguage\":\"de\",\"potentialAction\":[{\"@type\":\"ReadAction\",\"target\":[\"https:\\\/\\\/educom.ch\\\/de\\\/unser-team\\\/\"]}]},{\"@type\":\"ImageObject\",\"inLanguage\":\"de\",\"@id\":\"https:\\\/\\\/educom.ch\\\/de\\\/unser-team\\\/#primaryimage\",\"url\":\"https:\\\/\\\/educom.ch\\\/wp-content\\\/uploads\\\/2022\\\/11\\\/Carol-Panchaud.jpg\",\"contentUrl\":\"https:\\\/\\\/educom.ch\\\/wp-content\\\/uploads\\\/2022\\\/11\\\/Carol-Panchaud.jpg\"},{\"@type\":\"BreadcrumbList\",\"@id\":\"https:\\\/\\\/educom.ch\\\/de\\\/unser-team\\\/#breadcrumb\",\"itemListElement\":[{\"@type\":\"ListItem\",\"position\":1,\"name\":\"Accueil\",\"item\":\"https:\\\/\\\/educom.ch\\\/de\\\/homepage\\\/\"},{\"@type\":\"ListItem\",\"position\":2,\"name\":\"Unser Team\"}]},{\"@type\":\"WebSite\",\"@id\":\"https:\\\/\\\/educom.ch\\\/it\\\/#website\",\"url\":\"https:\\\/\\\/educom.ch\\\/it\\\/\",\"name\":\"EDUCOM\",\"description\":\"Conseils en Education Internationale\",\"publisher\":{\"@id\":\"https:\\\/\\\/educom.ch\\\/it\\\/#organization\"},\"potentialAction\":[{\"@type\":\"SearchAction\",\"target\":{\"@type\":\"EntryPoint\",\"urlTemplate\":\"https:\\\/\\\/educom.ch\\\/it\\\/?s={search_term_string}\"},\"query-input\":{\"@type\":\"PropertyValueSpecification\",\"valueRequired\":true,\"valueName\":\"search_term_string\"}}],\"inLanguage\":\"de\"},{\"@type\":\"Organization\",\"@id\":\"https:\\\/\\\/educom.ch\\\/it\\\/#organization\",\"name\":\"EDUCOM\",\"url\":\"https:\\\/\\\/educom.ch\\\/it\\\/\",\"logo\":{\"@type\":\"ImageObject\",\"inLanguage\":\"de\",\"@id\":\"https:\\\/\\\/educom.ch\\\/it\\\/#\\\/schema\\\/logo\\\/image\\\/\",\"url\":\"https:\\\/\\\/educom.ch\\\/wp-content\\\/uploads\\\/2022\\\/11\\\/logo-educom-white.svg\",\"contentUrl\":\"https:\\\/\\\/educom.ch\\\/wp-content\\\/uploads\\\/2022\\\/11\\\/logo-educom-white.svg\",\"width\":1,\"height\":1,\"caption\":\"EDUCOM\"},\"image\":{\"@id\":\"https:\\\/\\\/educom.ch\\\/it\\\/#\\\/schema\\\/logo\\\/image\\\/\"},\"sameAs\":[\"https:\\\/\\\/www.facebook.com\\\/educom.ch\\\/\"]}]}<\/script>\n<!-- \/ Yoast SEO plugin. -->","yoast_head_json":{"title":"Unser Team - EDUCOM","robots":{"index":"index","follow":"follow","max-snippet":"max-snippet:-1","max-image-preview":"max-image-preview:large","max-video-preview":"max-video-preview:-1"},"canonical":"https:\/\/educom.ch\/de\/unser-team\/","og_locale":"de_DE","og_type":"article","og_title":"Unser Team - EDUCOM","og_description":"\u00dcber uns Titre secondaire EDUCOM ist heute ein 100-prozentiges Familienunternehmen! Drei M\u00fctter, geleitet von inneren Werten und ihrer gemeinsamen Leidenschaft f\u00fcr Bildung und Erziehung, schenken Ihnen ihre pers\u00f6nliche Unterst\u00fctzung und ihr Geh\u00f6r, um einen erfolgreichen Bildungsweg Ihres Kindes zu gew\u00e4hrleisten. Carol Panchaud Gr\u00fcnderin von EDUCOM, ihr Spezialgebiet sind Internate, Sprachaufenthalte und Feriencamps. Abschluss in Politikwissenschaften,&hellip;","og_url":"https:\/\/educom.ch\/de\/unser-team\/","og_site_name":"EDUCOM","article_publisher":"https:\/\/www.facebook.com\/educom.ch\/","article_modified_time":"2025-10-21T07:27:25+00:00","og_image":[{"url":"https:\/\/educom.ch\/wp-content\/uploads\/2022\/11\/Carol-Panchaud.jpg","type":"","width":"","height":""}],"twitter_card":"summary_large_image","twitter_misc":{"Gesch\u00e4tzte Lesezeit":"1\u00a0Minute"},"schema":{"@context":"https:\/\/schema.org","@graph":[{"@type":"WebPage","@id":"https:\/\/educom.ch\/de\/unser-team\/","url":"https:\/\/educom.ch\/de\/unser-team\/","name":"Unser Team - EDUCOM","isPartOf":{"@id":"https:\/\/educom.ch\/it\/#website"},"primaryImageOfPage":{"@id":"https:\/\/educom.ch\/de\/unser-team\/#primaryimage"},"image":{"@id":"https:\/\/educom.ch\/de\/unser-team\/#primaryimage"},"thumbnailUrl":"https:\/\/educom.ch\/wp-content\/uploads\/2022\/11\/Carol-Panchaud.jpg","datePublished":"2022-11-25T08:45:51+00:00","dateModified":"2025-10-21T07:27:25+00:00","breadcrumb":{"@id":"https:\/\/educom.ch\/de\/unser-team\/#breadcrumb"},"inLanguage":"de","potentialAction":[{"@type":"ReadAction","target":["https:\/\/educom.ch\/de\/unser-team\/"]}]},{"@type":"ImageObject","inLanguage":"de","@id":"https:\/\/educom.ch\/de\/unser-team\/#primaryimage","url":"https:\/\/educom.ch\/wp-content\/uploads\/2022\/11\/Carol-Panchaud.jpg","contentUrl":"https:\/\/educom.ch\/wp-content\/uploads\/2022\/11\/Carol-Panchaud.jpg"},{"@type":"BreadcrumbList","@id":"https:\/\/educom.ch\/de\/unser-team\/#breadcrumb","itemListElement":[{"@type":"ListItem","position":1,"name":"Accueil","item":"https:\/\/educom.ch\/de\/homepage\/"},{"@type":"ListItem","position":2,"name":"Unser Team"}]},{"@type":"WebSite","@id":"https:\/\/educom.ch\/it\/#website","url":"https:\/\/educom.ch\/it\/","name":"EDUCOM","description":"Conseils en Education Internationale","publisher":{"@id":"https:\/\/educom.ch\/it\/#organization"},"potentialAction":[{"@type":"SearchAction","target":{"@type":"EntryPoint","urlTemplate":"https:\/\/educom.ch\/it\/?s={search_term_string}"},"query-input":{"@type":"PropertyValueSpecification","valueRequired":true,"valueName":"search_term_string"}}],"inLanguage":"de"},{"@type":"Organization","@id":"https:\/\/educom.ch\/it\/#organization","name":"EDUCOM","url":"https:\/\/educom.ch\/it\/","logo":{"@type":"ImageObject","inLanguage":"de","@id":"https:\/\/educom.ch\/it\/#\/schema\/logo\/image\/","url":"https:\/\/educom.ch\/wp-content\/uploads\/2022\/11\/logo-educom-white.svg","contentUrl":"https:\/\/educom.ch\/wp-content\/uploads\/2022\/11\/logo-educom-white.svg","width":1,"height":1,"caption":"EDUCOM"},"image":{"@id":"https:\/\/educom.ch\/it\/#\/schema\/logo\/image\/"},"sameAs":["https:\/\/www.facebook.com\/educom.ch\/"]}]}},"_links":{"self":[{"href":"https:\/\/educom.ch\/de\/wp-json\/wp\/v2\/pages\/1469","targetHints":{"allow":["GET"]}}],"collection":[{"href":"https:\/\/educom.ch\/de\/wp-json\/wp\/v2\/pages"}],"about":[{"href":"https:\/\/educom.ch\/de\/wp-json\/wp\/v2\/types\/page"}],"author":[{"embeddable":true,"href":"https:\/\/educom.ch\/de\/wp-json\/wp\/v2\/users\/1"}],"replies":[{"embeddable":true,"href":"https:\/\/educom.ch\/de\/wp-json\/wp\/v2\/comments?post=1469"}],"version-history":[{"count":1,"href":"https:\/\/educom.ch\/de\/wp-json\/wp\/v2\/pages\/1469\/revisions"}],"predecessor-version":[{"id":1936,"href":"https:\/\/educom.ch\/de\/wp-json\/wp\/v2\/pages\/1469\/revisions\/1936"}],"wp:attachment":[{"href":"https:\/\/educom.ch\/de\/wp-json\/wp\/v2\/media?parent=1469"}],"curies":[{"name":"wp","href":"https:\/\/api.w.org\/{rel}","templated":true}]}}